{"id":44,"date":"2019-11-01T06:25:21","date_gmt":"2019-11-01T05:25:21","guid":{"rendered":"http:\/\/www.feuerwehrverein-trages.de\/?page_id=44"},"modified":"2026-08-30T06:53:03","modified_gmt":"2026-08-30T04:53:03","slug":"aktuelles","status":"publish","type":"page","link":"https:\/\/www.feuerwehrverein-trages.de\/?page_id=44","title":{"rendered":"Aktuelles"},"content":{"rendered":"\n<div class=\"wp-block-media-text alignwide is-stacked-on-mobile\" style=\"grid-template-columns:28% auto\"><figure class=\"wp-block-media-text__media\"><img loading=\"lazy\" decoding=\"async\" width=\"724\" height=\"1024\" src=\"https:\/\/www.feuerwehrverein-trages.de\/wp-content\/uploads\/2026\/08\/Poster-2026-724x1024.jpg\" alt=\"\" class=\"wp-image-240 size-full\" srcset=\"https:\/\/www.feuerwehrverein-trages.de\/wp-content\/uploads\/2026\/08\/Poster-2026-724x1024.jpg 724w, https:\/\/www.feuerwehrverein-trages.de\/wp-content\/uploads\/2026\/08\/Poster-2026-212x300.jpg 212w, https:\/\/www.feuerwehrverein-trages.de\/wp-content\/uploads\/2026\/08\/Poster-2026-768x1086.jpg 768w, https:\/\/www.feuerwehrverein-trages.de\/wp-content\/uploads\/2026\/08\/Poster-2026-1086x1536.jpg 1086w, https:\/\/www.feuerwehrverein-trages.de\/wp-content\/uploads\/2026\/08\/Poster-2026.jpg 1131w\" sizes=\"auto, (max-width: 724px) 100vw, 724px\" \/><\/figure><div class=\"wp-block-media-text__content\">\n<p class=\"wp-block-paragraph\"><strong>33 . Trageser Fischerfest 2026<\/strong><br><br>Es ist wieder soweit! Das nunmehr 33. traditionelle Fischerfest \ud83c\udfa3in Trages findet am <strong>23.\/24. Oktober 2026<\/strong> statt! Ihr seid recht herzlich dazu eingeladen! Es erwartet euch wie immer ein abwechslungsreiches Unterhaltungsprogramm \ud83c\udfb6\ud83d\udc83\ud83c\udffb\ud83c\udfa4 und f\u00fcr das leibliche Wohl \ud83c\udf56\ud83c\udf2d\ud83c\udf7a wird auch bestens gesorgt sein &#8211; nat\u00fcrlich auch mit reichlich frischem Fisch \ud83d\udc1f! Wir freuen uns riesig auf euch!! <br><a href=\"https:\/\/www.feuerwehrverein-trages.de\/wp-content\/uploads\/2026\/08\/Flyer-2026.pdf\" data-type=\"attachment\" data-id=\"249\" target=\"_blank\" rel=\"noopener\">Programm<\/a><br><\/p>\n<\/div><\/div>\n\n\n\n<div class=\"wp-block-media-text alignwide is-stacked-on-mobile\" style=\"grid-template-columns:27% auto\"><figure class=\"wp-block-media-text__media\"><img loading=\"lazy\" decoding=\"async\" width=\"1024\" height=\"683\" src=\"https:\/\/www.feuerwehrverein-trages.de\/wp-content\/uploads\/2023\/03\/meeting-g3982b5c96_1920-1024x683.jpg\" alt=\"\" class=\"wp-image-135 size-full\" srcset=\"https:\/\/www.feuerwehrverein-trages.de\/wp-content\/uploads\/2023\/03\/meeting-g3982b5c96_1920-1024x683.jpg 1024w, https:\/\/www.feuerwehrverein-trages.de\/wp-content\/uploads\/2023\/03\/meeting-g3982b5c96_1920-300x200.jpg 300w, https:\/\/www.feuerwehrverein-trages.de\/wp-content\/uploads\/2023\/03\/meeting-g3982b5c96_1920-768x512.jpg 768w, https:\/\/www.feuerwehrverein-trages.de\/wp-content\/uploads\/2023\/03\/meeting-g3982b5c96_1920-1536x1024.jpg 1536w, https:\/\/www.feuerwehrverein-trages.de\/wp-content\/uploads\/2023\/03\/meeting-g3982b5c96_1920.jpg 1920w\" sizes=\"auto, (max-width: 706px) 89vw, (max-width: 767px) 82vw, 740px\" \/><\/figure><div class=\"wp-block-media-text__content\">\n<p class=\"wp-block-paragraph\"><strong>Mitglieder- und Jahreshauptversammlung 2025<\/strong><br><br>Am <strong>09.05.2025<\/strong> um <strong>19:00 Uhr<\/strong> findet im <strong>Feuerwehrger\u00e4tehaus in Trages<\/strong> unsere diesj\u00e4hrige Mitglieder- und Jahreshauptversammlung statt. Eine Einladung mit der zugeh\u00f6rigen Tagesordnung finden alle Vereinsmitglieder in den n\u00e4chsten Tagen in ihren Briefk\u00e4sten. Wir freuen uns \u00fcber eine rege Teilnahme aller Vereinsmitglieder.<\/p>\n<\/div><\/div>\n\n\n\n<div class=\"wp-block-media-text is-stacked-on-mobile\" style=\"grid-template-columns:27% auto\"><figure class=\"wp-block-media-text__media\"><img loading=\"lazy\" decoding=\"async\" width=\"768\" height=\"1024\" src=\"https:\/\/www.feuerwehrverein-trages.de\/wp-content\/uploads\/2024\/05\/IMG_2794-768x1024.jpeg\" alt=\"\" class=\"wp-image-176 size-full\" srcset=\"https:\/\/www.feuerwehrverein-trages.de\/wp-content\/uploads\/2024\/05\/IMG_2794-768x1024.jpeg 768w, https:\/\/www.feuerwehrverein-trages.de\/wp-content\/uploads\/2024\/05\/IMG_2794-225x300.jpeg 225w, https:\/\/www.feuerwehrverein-trages.de\/wp-content\/uploads\/2024\/05\/IMG_2794-1152x1536.jpeg 1152w, https:\/\/www.feuerwehrverein-trages.de\/wp-content\/uploads\/2024\/05\/IMG_2794-1536x2048.jpeg 1536w, https:\/\/www.feuerwehrverein-trages.de\/wp-content\/uploads\/2024\/05\/IMG_2794-scaled.jpeg 1920w\" sizes=\"auto, (max-width: 706px) 89vw, (max-width: 767px) 82vw, 740px\" \/><\/figure><div class=\"wp-block-media-text__content\">\n<p class=\"wp-block-paragraph\"><strong>Dankesch\u00f6n an alle Helfer des Fischerfestes!<\/strong><\/p>\n\n\n\n<p class=\"wp-block-paragraph\">Der Feuerwehrverein Trages e. V. l\u00e4dt alle flei\u00dfigen Helfer zu einem gem\u00fctlichen Abend ein. Los geht es am <strong>17.04.2025<\/strong> ab <strong>17:30 Uhr <\/strong>am <strong>Feuerwehrger\u00e4tehaus<\/strong> in Trages. Eine Einladung habt ihr in den n\u00e4chsten Tagen in eurem Briefkasten. Wir freuen uns auf euch!<\/p>\n<\/div><\/div>\n\n\n\n<div class=\"wp-block-media-text is-stacked-on-mobile\" style=\"grid-template-columns:27% auto\"><figure class=\"wp-block-media-text__media\"><img loading=\"lazy\" decoding=\"async\" width=\"768\" height=\"1024\" src=\"https:\/\/www.feuerwehrverein-trages.de\/wp-content\/uploads\/2024\/05\/IMG_7257-1-768x1024.jpeg\" alt=\"\" class=\"wp-image-186 size-full\" srcset=\"https:\/\/www.feuerwehrverein-trages.de\/wp-content\/uploads\/2024\/05\/IMG_7257-1-768x1024.jpeg 768w, https:\/\/www.feuerwehrverein-trages.de\/wp-content\/uploads\/2024\/05\/IMG_7257-1-225x300.jpeg 225w, https:\/\/www.feuerwehrverein-trages.de\/wp-content\/uploads\/2024\/05\/IMG_7257-1-1152x1536.jpeg 1152w, https:\/\/www.feuerwehrverein-trages.de\/wp-content\/uploads\/2024\/05\/IMG_7257-1-1536x2048.jpeg 1536w, https:\/\/www.feuerwehrverein-trages.de\/wp-content\/uploads\/2024\/05\/IMG_7257-1-scaled.jpeg 1920w\" sizes=\"auto, (max-width: 706px) 89vw, (max-width: 767px) 82vw, 740px\" \/><\/figure><div class=\"wp-block-media-text__content\">\n<p class=\"wp-block-paragraph\"><strong>In Trages wird der Maibaum gesetzt<\/strong><\/p>\n\n\n\n<p class=\"wp-block-paragraph\">In Trages wird wieder der Maibaum gesetzt! Alle G\u00e4ste sind herzlich willkommen! F\u00fcr das leibliche Wohl \ud83c\udf2d\ud83c\udf7bwird wieder gesorgt sein!<\/p>\n\n\n\n<p class=\"wp-block-paragraph\">\ud83d\udcc6 30.04.2024&nbsp;<br>\ud83d\udd55 18:00 Uhr<br>\ud83d\udccd Trages, Feuerwehrger\u00e4tehaus<\/p>\n<\/div><\/div>\n\n\n\n<p class=\"wp-block-paragraph\"><strong>Impressionen vom Maibaum setzen 2024<\/strong><br><\/p>\n\n\n<div  id=\"jtg-174\" class=\"modula modula-gallery modula-creative-gallery\" data-config=\"{&quot;height&quot;:800,&quot;tabletHeight&quot;:800,&quot;mobileHeight&quot;:800,&quot;desktopHeight&quot;:800,&quot;enableTwitter&quot;:false,&quot;enableWhatsapp&quot;:false,&quot;enableFacebook&quot;:false,&quot;enablePinterest&quot;:false,&quot;enableLinkedin&quot;:false,&quot;enableEmail&quot;:false,&quot;randomFactor&quot;:0.5,&quot;type&quot;:&quot;creative-gallery&quot;,&quot;columns&quot;:12,&quot;gutter&quot;:10,&quot;mobileGutter&quot;:10,&quot;tabletGutter&quot;:10,&quot;desktopGutter&quot;:10,&quot;enableResponsive&quot;:&quot;0&quot;,&quot;tabletColumns&quot;:2,&quot;mobileColumns&quot;:1,&quot;lazyLoad&quot;:0,&quot;lightboxOpts&quot;:{&quot;animated&quot;:true,&quot;Thumbs&quot;:{&quot;type&quot;:&quot;modern&quot;,&quot;showOnStart&quot;:false},&quot;Toolbar&quot;:{&quot;display&quot;:{&quot;right&quot;:[&quot;close&quot;]},&quot;enabled&quot;:true},&quot;Carousel&quot;:{&quot;Panzoom&quot;:{&quot;touch&quot;:true},&quot;infinite&quot;:false},&quot;keyboard&quot;:{&quot;Escape&quot;:&quot;close&quot;,&quot;Delete&quot;:&quot;close&quot;,&quot;Backspace&quot;:&quot;close&quot;,&quot;PageUp&quot;:&quot;next&quot;,&quot;PageDown&quot;:&quot;prev&quot;,&quot;ArrowUp&quot;:&quot;prev&quot;,&quot;ArrowDown&quot;:&quot;next&quot;,&quot;ArrowRight&quot;:&quot;next&quot;,&quot;ArrowLeft&quot;:&quot;prev&quot;},&quot;wheel&quot;:&quot;slide&quot;,&quot;touch&quot;:true,&quot;backdropClick&quot;:&quot;close&quot;,&quot;l10n&quot;:{&quot;CLOSE&quot;:&quot;Schlie\\u00dfen&quot;,&quot;NEXT&quot;:&quot;Weiter&quot;,&quot;PREV&quot;:&quot;Zur\\u00fcck&quot;,&quot;Error&quot;:&quot;Der angeforderte Inhalt kann nicht geladen werden. Bitte versuche es sp\\u00e4ter noch einmal.&quot;,&quot;PLAY_START&quot;:&quot;Slideshow starten&quot;,&quot;PLAY_STOP&quot;:&quot;Slideshow anhalten&quot;,&quot;FULL_SCREEN&quot;:&quot;Vollbild&quot;,&quot;THUMBS&quot;:&quot;Vorschaubilder&quot;,&quot;DOWNLOAD&quot;:&quot;Download&quot;,&quot;SHARE&quot;:&quot;Teilen&quot;,&quot;ZOOM&quot;:&quot;Vergr\\u00f6\\u00dfern&quot;,&quot;EMAIL&quot;:&quot;Hier ist der Link zum Bild: %%image_link%% und hier ist der Link zur Galerie: %%gallery_link%%&quot;,&quot;MODAL&quot;:&quot;Du kannst diesen Modal-Inhalt mit der ESC-Taste schlie\\u00dfen&quot;,&quot;ERROR&quot;:&quot;Es ist ein Fehler aufgetreten. Bitte versuche es sp\\u00e4ter noch einmal&quot;,&quot;IMAGE_ERROR&quot;:&quot;Bild nicht gefunden&quot;,&quot;ELEMENT_NOT_FOUND&quot;:&quot;HTML-Element nicht gefunden&quot;,&quot;AJAX_NOT_FOUND&quot;:&quot;Fehler beim Laden von AJAX: Nicht gefunden&quot;,&quot;AJAX_FORBIDDEN&quot;:&quot;Fehler beim Laden von AJAX: Zugriff verweigert&quot;,&quot;IFRAME_ERROR&quot;:&quot;Fehler beim Laden der Seite&quot;,&quot;TOGGLE_ZOOM&quot;:&quot;Zoomstufe umschalten&quot;,&quot;TOGGLE_THUMBS&quot;:&quot;Miniaturansichten ein-\\\/ausblenden&quot;,&quot;TOGGLE_SLIDESHOW&quot;:&quot;Diashow ein-\\\/ausschalten&quot;,&quot;TOGGLE_FULLSCREEN&quot;:&quot;Vollbildmodus umschalten&quot;},&quot;Images&quot;:{&quot;Panzoom&quot;:{&quot;maxScale&quot;:2}},&quot;mainClass&quot;:&quot;modula-fancybox-container modula-lightbox-jtg-174&quot;,&quot;Html&quot;:{&quot;videoAutoplay&quot;:0,&quot;videoTpl&quot;:&quot;&lt;video class=\\&quot;fancybox__html5video\\&quot; controls muted playsinline controlsList controlsList=\\&quot;nodownload\\&quot; poster=\\&quot;{{poster}}\\&quot; src=\\&quot;{{src}}\\&quot; type=\\&quot;{{format}}\\&quot; &gt;  Sorry, your browser doesn&#039;t support embedded videos, &lt;a href=\\&quot;{{src}}\\&quot;&gt; download &lt;\\\/a&gt; and watch with your favorite video player! &lt;\\\/video&gt;&quot;}},&quot;inView&quot;:false,&quot;email_subject&quot;:&quot;Check out this awesome image !!&quot;,&quot;email_message&quot;:&quot;Here is the link to the image : %%image_link%% and this is the link to the gallery : %%gallery_link%%&quot;,&quot;lightbox&quot;:&quot;fancybox&quot;,&quot;lightbox_devices&quot;:&quot;both&quot;}\">\n\n\t\n\t<div  class=\"modula-items\">\n\t\t<div class=\"modula-item effect-pufrobo\" >\n\t<div class=\"modula-item-overlay\"><\/div>\n\n\t<div class=\"modula-item-content\">\n\n\t\t<a data-image-id=\"175\" role=\"button\" tabindex=\"0\" rel=\"jtg-174\" data-caption=\"\" aria-label=\"Bilder in Lightbox \u00f6ffnen\" class=\"tile-inner modula-item-link\"><\/a><img loading=\"lazy\" decoding=\"async\" class=\"pic wp-image-175\"  data-valign=\"middle\" data-halign=\"center\" alt=\"Maibaum setzen 2024 beim Feuerwehrverein Trages e. V.\" data-full=\"https:\/\/www.feuerwehrverein-trages.de\/wp-content\/uploads\/2024\/05\/IMG_2795.jpeg\" title=\"IMG_2795\" crop=\"\" width=\"225\" height=\"300\" src=\"https:\/\/www.feuerwehrverein-trages.de\/wp-content\/uploads\/2024\/05\/IMG_2795-225x300.jpeg\" data-src=\"https:\/\/www.feuerwehrverein-trages.de\/wp-content\/uploads\/2024\/05\/IMG_2795-225x300.jpeg\" data-caption=\"\" srcset=\"https:\/\/www.feuerwehrverein-trages.de\/wp-content\/uploads\/2024\/05\/IMG_2795-scaled.jpeg 1920w, https:\/\/www.feuerwehrverein-trages.de\/wp-content\/uploads\/2024\/05\/IMG_2795-scaled-225x300.jpeg 225w, https:\/\/www.feuerwehrverein-trages.de\/wp-content\/uploads\/2024\/05\/IMG_2795-768x1024.jpeg 768w, https:\/\/www.feuerwehrverein-trages.de\/wp-content\/uploads\/2024\/05\/IMG_2795-1152x1536.jpeg 1152w, https:\/\/www.feuerwehrverein-trages.de\/wp-content\/uploads\/2024\/05\/IMG_2795-1536x2048.jpeg 1536w\" sizes=\"auto, (max-width: 225px) 100vw, 225px\" \/>\n\t\t<div class=\"figc no-description\">\n\t\t\t<div class=\"figc-inner\">\n\t\t\t\t\t\t\t\t\t\t\t\t\t\t\t<\/div>\n\t\t<\/div>\n\n\t<\/div>\n\n<\/div><div class=\"modula-item effect-pufrobo\" >\n\t<div class=\"modula-item-overlay\"><\/div>\n\n\t<div class=\"modula-item-content\">\n\n\t\t<a data-image-id=\"176\" role=\"button\" tabindex=\"0\" rel=\"jtg-174\" data-caption=\"\" aria-label=\"Bilder in Lightbox \u00f6ffnen\" class=\"tile-inner modula-item-link\"><\/a><img loading=\"lazy\" decoding=\"async\" class=\"pic wp-image-176\"  data-valign=\"middle\" data-halign=\"center\" alt=\"Maibaum setzen 2024 beim Feuerwehrverein Trages e. V.\" data-full=\"https:\/\/www.feuerwehrverein-trages.de\/wp-content\/uploads\/2024\/05\/IMG_2794.jpeg\" title=\"IMG_2794\" crop=\"\" width=\"225\" height=\"300\" src=\"https:\/\/www.feuerwehrverein-trages.de\/wp-content\/uploads\/2024\/05\/IMG_2794-225x300.jpeg\" data-src=\"https:\/\/www.feuerwehrverein-trages.de\/wp-content\/uploads\/2024\/05\/IMG_2794-225x300.jpeg\" data-caption=\"\" srcset=\"https:\/\/www.feuerwehrverein-trages.de\/wp-content\/uploads\/2024\/05\/IMG_2794-scaled.jpeg 1920w, https:\/\/www.feuerwehrverein-trages.de\/wp-content\/uploads\/2024\/05\/IMG_2794-scaled-225x300.jpeg 225w, https:\/\/www.feuerwehrverein-trages.de\/wp-content\/uploads\/2024\/05\/IMG_2794-768x1024.jpeg 768w, https:\/\/www.feuerwehrverein-trages.de\/wp-content\/uploads\/2024\/05\/IMG_2794-1152x1536.jpeg 1152w, https:\/\/www.feuerwehrverein-trages.de\/wp-content\/uploads\/2024\/05\/IMG_2794-1536x2048.jpeg 1536w\" sizes=\"auto, (max-width: 225px) 100vw, 225px\" \/>\n\t\t<div class=\"figc no-description\">\n\t\t\t<div class=\"figc-inner\">\n\t\t\t\t\t\t\t\t\t\t\t\t\t\t\t<\/div>\n\t\t<\/div>\n\n\t<\/div>\n\n<\/div><div class=\"modula-item effect-pufrobo\" >\n\t<div class=\"modula-item-overlay\"><\/div>\n\n\t<div class=\"modula-item-content\">\n\n\t\t<a data-image-id=\"178\" role=\"button\" tabindex=\"0\" rel=\"jtg-174\" data-caption=\"\" aria-label=\"Bilder in Lightbox \u00f6ffnen\" class=\"tile-inner modula-item-link\"><\/a><img loading=\"lazy\" decoding=\"async\" class=\"pic wp-image-178\"  data-valign=\"middle\" data-halign=\"center\" alt=\"Maibaum setzen 2024 beim Feuerwehrverein Trages e. V.\" data-full=\"https:\/\/www.feuerwehrverein-trages.de\/wp-content\/uploads\/2024\/05\/IMG_7256.jpeg\" title=\"IMG_7256\" crop=\"\" width=\"225\" height=\"300\" src=\"https:\/\/www.feuerwehrverein-trages.de\/wp-content\/uploads\/2024\/05\/IMG_7256-225x300.jpeg\" data-src=\"https:\/\/www.feuerwehrverein-trages.de\/wp-content\/uploads\/2024\/05\/IMG_7256-225x300.jpeg\" data-caption=\"\" srcset=\"https:\/\/www.feuerwehrverein-trages.de\/wp-content\/uploads\/2024\/05\/IMG_7256-scaled.jpeg 1920w, https:\/\/www.feuerwehrverein-trages.de\/wp-content\/uploads\/2024\/05\/IMG_7256-scaled-225x300.jpeg 225w, https:\/\/www.feuerwehrverein-trages.de\/wp-content\/uploads\/2024\/05\/IMG_7256-768x1024.jpeg 768w, https:\/\/www.feuerwehrverein-trages.de\/wp-content\/uploads\/2024\/05\/IMG_7256-1152x1536.jpeg 1152w, https:\/\/www.feuerwehrverein-trages.de\/wp-content\/uploads\/2024\/05\/IMG_7256-1536x2048.jpeg 1536w\" sizes=\"auto, (max-width: 225px) 100vw, 225px\" \/>\n\t\t<div class=\"figc no-description\">\n\t\t\t<div class=\"figc-inner\">\n\t\t\t\t\t\t\t\t\t\t\t\t\t\t\t<\/div>\n\t\t<\/div>\n\n\t<\/div>\n\n<\/div><div class=\"modula-item effect-pufrobo\" >\n\t<div class=\"modula-item-overlay\"><\/div>\n\n\t<div class=\"modula-item-content\">\n\n\t\t<a data-image-id=\"179\" role=\"button\" tabindex=\"0\" rel=\"jtg-174\" data-caption=\"\" aria-label=\"Bilder in Lightbox \u00f6ffnen\" class=\"tile-inner modula-item-link\"><\/a><img loading=\"lazy\" decoding=\"async\" class=\"pic wp-image-179\"  data-valign=\"middle\" data-halign=\"center\" alt=\"Maibaum setzen 2024 beim Feuerwehrverein Trages e. V.\" data-full=\"https:\/\/www.feuerwehrverein-trages.de\/wp-content\/uploads\/2024\/05\/IMG_7255.jpeg\" title=\"IMG_7255\" crop=\"\" width=\"225\" height=\"300\" src=\"https:\/\/www.feuerwehrverein-trages.de\/wp-content\/uploads\/2024\/05\/IMG_7255-225x300.jpeg\" data-src=\"https:\/\/www.feuerwehrverein-trages.de\/wp-content\/uploads\/2024\/05\/IMG_7255-225x300.jpeg\" data-caption=\"\" srcset=\"https:\/\/www.feuerwehrverein-trages.de\/wp-content\/uploads\/2024\/05\/IMG_7255-scaled.jpeg 1920w, https:\/\/www.feuerwehrverein-trages.de\/wp-content\/uploads\/2024\/05\/IMG_7255-scaled-225x300.jpeg 225w, https:\/\/www.feuerwehrverein-trages.de\/wp-content\/uploads\/2024\/05\/IMG_7255-768x1024.jpeg 768w, https:\/\/www.feuerwehrverein-trages.de\/wp-content\/uploads\/2024\/05\/IMG_7255-1152x1536.jpeg 1152w, https:\/\/www.feuerwehrverein-trages.de\/wp-content\/uploads\/2024\/05\/IMG_7255-1536x2048.jpeg 1536w\" sizes=\"auto, (max-width: 225px) 100vw, 225px\" \/>\n\t\t<div class=\"figc no-description\">\n\t\t\t<div class=\"figc-inner\">\n\t\t\t\t\t\t\t\t\t\t\t\t\t\t\t<\/div>\n\t\t<\/div>\n\n\t<\/div>\n\n<\/div><div class=\"modula-item effect-pufrobo\" >\n\t<div class=\"modula-item-overlay\"><\/div>\n\n\t<div class=\"modula-item-content\">\n\n\t\t<a data-image-id=\"180\" role=\"button\" tabindex=\"0\" rel=\"jtg-174\" data-caption=\"\" aria-label=\"Bilder in Lightbox \u00f6ffnen\" class=\"tile-inner modula-item-link\"><\/a><img loading=\"lazy\" decoding=\"async\" class=\"pic wp-image-180\"  data-valign=\"middle\" data-halign=\"center\" alt=\"Maibaum setzen 2024 beim Feuerwehrverein Trages e. V.\" data-full=\"https:\/\/www.feuerwehrverein-trages.de\/wp-content\/uploads\/2024\/05\/IMG_7254.jpeg\" title=\"IMG_7254\" crop=\"\" width=\"225\" height=\"300\" src=\"https:\/\/www.feuerwehrverein-trages.de\/wp-content\/uploads\/2024\/05\/IMG_7254-225x300.jpeg\" data-src=\"https:\/\/www.feuerwehrverein-trages.de\/wp-content\/uploads\/2024\/05\/IMG_7254-225x300.jpeg\" data-caption=\"\" srcset=\"https:\/\/www.feuerwehrverein-trages.de\/wp-content\/uploads\/2024\/05\/IMG_7254-scaled.jpeg 1920w, https:\/\/www.feuerwehrverein-trages.de\/wp-content\/uploads\/2024\/05\/IMG_7254-scaled-225x300.jpeg 225w, https:\/\/www.feuerwehrverein-trages.de\/wp-content\/uploads\/2024\/05\/IMG_7254-768x1024.jpeg 768w, https:\/\/www.feuerwehrverein-trages.de\/wp-content\/uploads\/2024\/05\/IMG_7254-1152x1536.jpeg 1152w, https:\/\/www.feuerwehrverein-trages.de\/wp-content\/uploads\/2024\/05\/IMG_7254-1536x2048.jpeg 1536w\" sizes=\"auto, (max-width: 225px) 100vw, 225px\" \/>\n\t\t<div class=\"figc no-description\">\n\t\t\t<div class=\"figc-inner\">\n\t\t\t\t\t\t\t\t\t\t\t\t\t\t\t<\/div>\n\t\t<\/div>\n\n\t<\/div>\n\n<\/div><div class=\"modula-item effect-pufrobo\" >\n\t<div class=\"modula-item-overlay\"><\/div>\n\n\t<div class=\"modula-item-content\">\n\n\t\t<a data-image-id=\"181\" role=\"button\" tabindex=\"0\" rel=\"jtg-174\" data-caption=\"\" aria-label=\"Bilder in Lightbox \u00f6ffnen\" class=\"tile-inner modula-item-link\"><\/a><img loading=\"lazy\" decoding=\"async\" class=\"pic wp-image-181\"  data-valign=\"middle\" data-halign=\"center\" alt=\"Maibaum setzen 2024 beim Feuerwehrverein Trages e. V.\" data-full=\"https:\/\/www.feuerwehrverein-trages.de\/wp-content\/uploads\/2024\/05\/IMG_7253.jpeg\" title=\"IMG_7253\" crop=\"\" width=\"225\" height=\"300\" src=\"https:\/\/www.feuerwehrverein-trages.de\/wp-content\/uploads\/2024\/05\/IMG_7253-225x300.jpeg\" data-src=\"https:\/\/www.feuerwehrverein-trages.de\/wp-content\/uploads\/2024\/05\/IMG_7253-225x300.jpeg\" data-caption=\"\" srcset=\"https:\/\/www.feuerwehrverein-trages.de\/wp-content\/uploads\/2024\/05\/IMG_7253-scaled.jpeg 1920w, https:\/\/www.feuerwehrverein-trages.de\/wp-content\/uploads\/2024\/05\/IMG_7253-scaled-225x300.jpeg 225w, https:\/\/www.feuerwehrverein-trages.de\/wp-content\/uploads\/2024\/05\/IMG_7253-768x1024.jpeg 768w, https:\/\/www.feuerwehrverein-trages.de\/wp-content\/uploads\/2024\/05\/IMG_7253-1152x1536.jpeg 1152w, https:\/\/www.feuerwehrverein-trages.de\/wp-content\/uploads\/2024\/05\/IMG_7253-1536x2048.jpeg 1536w\" sizes=\"auto, (max-width: 225px) 100vw, 225px\" \/>\n\t\t<div class=\"figc no-description\">\n\t\t\t<div class=\"figc-inner\">\n\t\t\t\t\t\t\t\t\t\t\t\t\t\t\t<\/div>\n\t\t<\/div>\n\n\t<\/div>\n\n<\/div><div class=\"modula-item effect-pufrobo\" >\n\t<div class=\"modula-item-overlay\"><\/div>\n\n\t<div class=\"modula-item-content\">\n\n\t\t<a data-image-id=\"182\" role=\"button\" tabindex=\"0\" rel=\"jtg-174\" data-caption=\"\" aria-label=\"Bilder in Lightbox \u00f6ffnen\" class=\"tile-inner modula-item-link\"><\/a><img loading=\"lazy\" decoding=\"async\" class=\"pic wp-image-182\"  data-valign=\"middle\" data-halign=\"center\" alt=\"Maibaum setzen 2024 beim Feuerwehrverein Trages e. V.\" data-full=\"https:\/\/www.feuerwehrverein-trages.de\/wp-content\/uploads\/2024\/05\/IMG_7252.jpeg\" title=\"IMG_7252\" crop=\"\" width=\"225\" height=\"300\" src=\"https:\/\/www.feuerwehrverein-trages.de\/wp-content\/uploads\/2024\/05\/IMG_7252-225x300.jpeg\" data-src=\"https:\/\/www.feuerwehrverein-trages.de\/wp-content\/uploads\/2024\/05\/IMG_7252-225x300.jpeg\" data-caption=\"\" srcset=\"https:\/\/www.feuerwehrverein-trages.de\/wp-content\/uploads\/2024\/05\/IMG_7252-scaled.jpeg 1920w, https:\/\/www.feuerwehrverein-trages.de\/wp-content\/uploads\/2024\/05\/IMG_7252-scaled-225x300.jpeg 225w, https:\/\/www.feuerwehrverein-trages.de\/wp-content\/uploads\/2024\/05\/IMG_7252-768x1024.jpeg 768w, https:\/\/www.feuerwehrverein-trages.de\/wp-content\/uploads\/2024\/05\/IMG_7252-1152x1536.jpeg 1152w, https:\/\/www.feuerwehrverein-trages.de\/wp-content\/uploads\/2024\/05\/IMG_7252-1536x2048.jpeg 1536w\" sizes=\"auto, (max-width: 225px) 100vw, 225px\" \/>\n\t\t<div class=\"figc no-description\">\n\t\t\t<div class=\"figc-inner\">\n\t\t\t\t\t\t\t\t\t\t\t\t\t\t\t<\/div>\n\t\t<\/div>\n\n\t<\/div>\n\n<\/div><div class=\"modula-item effect-pufrobo\" >\n\t<div class=\"modula-item-overlay\"><\/div>\n\n\t<div class=\"modula-item-content\">\n\n\t\t<a data-image-id=\"183\" role=\"button\" tabindex=\"0\" rel=\"jtg-174\" data-caption=\"\" aria-label=\"Bilder in Lightbox \u00f6ffnen\" class=\"tile-inner modula-item-link\"><\/a><img loading=\"lazy\" decoding=\"async\" class=\"pic wp-image-183\"  data-valign=\"middle\" data-halign=\"center\" alt=\"Maibaum setzen 2024 beim Feuerwehrverein Trages e. V.\" data-full=\"https:\/\/www.feuerwehrverein-trages.de\/wp-content\/uploads\/2024\/05\/IMG_7251.jpeg\" title=\"IMG_7251\" crop=\"\" width=\"225\" height=\"300\" src=\"https:\/\/www.feuerwehrverein-trages.de\/wp-content\/uploads\/2024\/05\/IMG_7251-225x300.jpeg\" data-src=\"https:\/\/www.feuerwehrverein-trages.de\/wp-content\/uploads\/2024\/05\/IMG_7251-225x300.jpeg\" data-caption=\"\" srcset=\"https:\/\/www.feuerwehrverein-trages.de\/wp-content\/uploads\/2024\/05\/IMG_7251-scaled.jpeg 1920w, https:\/\/www.feuerwehrverein-trages.de\/wp-content\/uploads\/2024\/05\/IMG_7251-scaled-225x300.jpeg 225w, https:\/\/www.feuerwehrverein-trages.de\/wp-content\/uploads\/2024\/05\/IMG_7251-768x1024.jpeg 768w, https:\/\/www.feuerwehrverein-trages.de\/wp-content\/uploads\/2024\/05\/IMG_7251-1152x1536.jpeg 1152w, https:\/\/www.feuerwehrverein-trages.de\/wp-content\/uploads\/2024\/05\/IMG_7251-1536x2048.jpeg 1536w\" sizes=\"auto, (max-width: 225px) 100vw, 225px\" \/>\n\t\t<div class=\"figc no-description\">\n\t\t\t<div class=\"figc-inner\">\n\t\t\t\t\t\t\t\t\t\t\t\t\t\t\t<\/div>\n\t\t<\/div>\n\n\t<\/div>\n\n<\/div><div class=\"modula-item effect-pufrobo\" >\n\t<div class=\"modula-item-overlay\"><\/div>\n\n\t<div class=\"modula-item-content\">\n\n\t\t<a data-image-id=\"184\" role=\"button\" tabindex=\"0\" rel=\"jtg-174\" data-caption=\"\" aria-label=\"Bilder in Lightbox \u00f6ffnen\" class=\"tile-inner modula-item-link\"><\/a><img loading=\"lazy\" decoding=\"async\" class=\"pic wp-image-184\"  data-valign=\"middle\" data-halign=\"center\" alt=\"Maibaum setzen 2024 beim Feuerwehrverein Trages e. V.\" data-full=\"https:\/\/www.feuerwehrverein-trages.de\/wp-content\/uploads\/2024\/05\/IMG_7250.jpeg\" title=\"IMG_7250\" crop=\"\" width=\"225\" height=\"300\" src=\"https:\/\/www.feuerwehrverein-trages.de\/wp-content\/uploads\/2024\/05\/IMG_7250-225x300.jpeg\" data-src=\"https:\/\/www.feuerwehrverein-trages.de\/wp-content\/uploads\/2024\/05\/IMG_7250-225x300.jpeg\" data-caption=\"\" srcset=\"https:\/\/www.feuerwehrverein-trages.de\/wp-content\/uploads\/2024\/05\/IMG_7250-scaled.jpeg 1920w, https:\/\/www.feuerwehrverein-trages.de\/wp-content\/uploads\/2024\/05\/IMG_7250-scaled-225x300.jpeg 225w, https:\/\/www.feuerwehrverein-trages.de\/wp-content\/uploads\/2024\/05\/IMG_7250-768x1024.jpeg 768w, https:\/\/www.feuerwehrverein-trages.de\/wp-content\/uploads\/2024\/05\/IMG_7250-1152x1536.jpeg 1152w, https:\/\/www.feuerwehrverein-trages.de\/wp-content\/uploads\/2024\/05\/IMG_7250-1536x2048.jpeg 1536w\" sizes=\"auto, (max-width: 225px) 100vw, 225px\" \/>\n\t\t<div class=\"figc no-description\">\n\t\t\t<div class=\"figc-inner\">\n\t\t\t\t\t\t\t\t\t\t\t\t\t\t\t<\/div>\n\t\t<\/div>\n\n\t<\/div>\n\n<\/div><div class=\"modula-item effect-pufrobo\" >\n\t<div class=\"modula-item-overlay\"><\/div>\n\n\t<div class=\"modula-item-content\">\n\n\t\t<a data-image-id=\"185\" role=\"button\" tabindex=\"0\" rel=\"jtg-174\" data-caption=\"\" aria-label=\"Bilder in Lightbox \u00f6ffnen\" class=\"tile-inner modula-item-link\"><\/a><img loading=\"lazy\" decoding=\"async\" class=\"pic wp-image-185\"  data-valign=\"middle\" data-halign=\"center\" alt=\"Maibaum setzen 2024 beim Feuerwehrverein Trages e. V.\" data-full=\"https:\/\/www.feuerwehrverein-trages.de\/wp-content\/uploads\/2024\/05\/IMG_7249.jpeg\" title=\"IMG_7249\" crop=\"\" width=\"225\" height=\"300\" src=\"https:\/\/www.feuerwehrverein-trages.de\/wp-content\/uploads\/2024\/05\/IMG_7249-225x300.jpeg\" data-src=\"https:\/\/www.feuerwehrverein-trages.de\/wp-content\/uploads\/2024\/05\/IMG_7249-225x300.jpeg\" data-caption=\"\" srcset=\"https:\/\/www.feuerwehrverein-trages.de\/wp-content\/uploads\/2024\/05\/IMG_7249-scaled.jpeg 1920w, https:\/\/www.feuerwehrverein-trages.de\/wp-content\/uploads\/2024\/05\/IMG_7249-scaled-225x300.jpeg 225w, https:\/\/www.feuerwehrverein-trages.de\/wp-content\/uploads\/2024\/05\/IMG_7249-768x1024.jpeg 768w, https:\/\/www.feuerwehrverein-trages.de\/wp-content\/uploads\/2024\/05\/IMG_7249-1152x1536.jpeg 1152w, https:\/\/www.feuerwehrverein-trages.de\/wp-content\/uploads\/2024\/05\/IMG_7249-1536x2048.jpeg 1536w\" sizes=\"auto, (max-width: 225px) 100vw, 225px\" \/>\n\t\t<div class=\"figc no-description\">\n\t\t\t<div class=\"figc-inner\">\n\t\t\t\t\t\t\t\t\t\t\t\t\t\t\t<\/div>\n\t\t<\/div>\n\n\t<\/div>\n\n<\/div><div class=\"modula-item effect-pufrobo\" >\n\t<div class=\"modula-item-overlay\"><\/div>\n\n\t<div class=\"modula-item-content\">\n\n\t\t<a data-image-id=\"186\" role=\"button\" tabindex=\"0\" rel=\"jtg-174\" data-caption=\"\" aria-label=\"Bilder in Lightbox \u00f6ffnen\" class=\"tile-inner modula-item-link\"><\/a><img loading=\"lazy\" decoding=\"async\" class=\"pic wp-image-186\"  data-valign=\"middle\" data-halign=\"center\" alt=\"Maibaum setzen 2024 beim Feuerwehrverein Trages e. V.\" data-full=\"https:\/\/www.feuerwehrverein-trages.de\/wp-content\/uploads\/2024\/05\/IMG_7257-1.jpeg\" title=\"IMG_7257\" crop=\"\" width=\"225\" height=\"300\" src=\"https:\/\/www.feuerwehrverein-trages.de\/wp-content\/uploads\/2024\/05\/IMG_7257-1-225x300.jpeg\" data-src=\"https:\/\/www.feuerwehrverein-trages.de\/wp-content\/uploads\/2024\/05\/IMG_7257-1-225x300.jpeg\" data-caption=\"\" srcset=\"https:\/\/www.feuerwehrverein-trages.de\/wp-content\/uploads\/2024\/05\/IMG_7257-1-scaled.jpeg 1920w, https:\/\/www.feuerwehrverein-trages.de\/wp-content\/uploads\/2024\/05\/IMG_7257-1-scaled-225x300.jpeg 225w, https:\/\/www.feuerwehrverein-trages.de\/wp-content\/uploads\/2024\/05\/IMG_7257-1-768x1024.jpeg 768w, https:\/\/www.feuerwehrverein-trages.de\/wp-content\/uploads\/2024\/05\/IMG_7257-1-1152x1536.jpeg 1152w, https:\/\/www.feuerwehrverein-trages.de\/wp-content\/uploads\/2024\/05\/IMG_7257-1-1536x2048.jpeg 1536w\" sizes=\"auto, (max-width: 225px) 100vw, 225px\" \/>\n\t\t<div class=\"figc no-description\">\n\t\t\t<div class=\"figc-inner\">\n\t\t\t\t\t\t\t\t\t\t\t\t\t\t\t<\/div>\n\t\t<\/div>\n\n\t<\/div>\n\n<\/div>\t\t\n\t<\/div>\n\n\t\n\t\n\t<script type=\"application\/ld+json\">\n\t{\n\t\t\"@context\": \"https:\/\/schema.org\",\n\t\t\"@type\"   : \"ImageGallery\",\n\t\t\"id\"      : \"https:\/\/www.feuerwehrverein-trages.de\/?page_id=44\/#modula-gallery-174\",\n\t\t\"url\"     : \"https:\/\/www.feuerwehrverein-trages.de\/?page_id=44\/\"\n\t}\n\n\t<\/script>\n\n\t\n<\/div>\n\n\n\n\n<p class=\"wp-block-paragraph\"><\/p>\n\n\n\n<div class=\"wp-block-media-text alignwide is-stacked-on-mobile\" style=\"grid-template-columns:27% auto\"><figure class=\"wp-block-media-text__media\"><img loading=\"lazy\" decoding=\"async\" width=\"892\" height=\"1024\" src=\"https:\/\/www.feuerwehrverein-trages.de\/wp-content\/uploads\/2022\/05\/C2AB2FAA-EADD-457C-9317-E7B6ED6B8696-892x1024.jpeg\" alt=\"\" class=\"wp-image-109 size-full\" srcset=\"https:\/\/www.feuerwehrverein-trages.de\/wp-content\/uploads\/2022\/05\/C2AB2FAA-EADD-457C-9317-E7B6ED6B8696-892x1024.jpeg 892w, https:\/\/www.feuerwehrverein-trages.de\/wp-content\/uploads\/2022\/05\/C2AB2FAA-EADD-457C-9317-E7B6ED6B8696-261x300.jpeg 261w, https:\/\/www.feuerwehrverein-trages.de\/wp-content\/uploads\/2022\/05\/C2AB2FAA-EADD-457C-9317-E7B6ED6B8696-768x882.jpeg 768w, https:\/\/www.feuerwehrverein-trages.de\/wp-content\/uploads\/2022\/05\/C2AB2FAA-EADD-457C-9317-E7B6ED6B8696.jpeg 1115w\" sizes=\"auto, (max-width: 706px) 89vw, (max-width: 767px) 82vw, 740px\" \/><\/figure><div class=\"wp-block-media-text__content\">\n<p class=\"wp-block-paragraph\" style=\"font-size:16px\"><strong>Pfingstbier in Trages<\/strong><br><br>Der Feuerwehrverein Trages e. V. l\u00e4dt alle Freunde des Vereins am <strong>10.06.2022<\/strong> ab <strong>18:00 Uhr<\/strong> an das <strong>Feuerwehrger\u00e4tehaus in Trages<\/strong> zum traditionellen Pfingstbier ein. Wir freuen uns sehr darauf, mit euch wieder gemeinsam eine Zeit der Gem\u00fctlichkeit bei leckeren Sachen frisch vom Holzkohlegrill und nat\u00fcrlich auch dem einen oder anderen leckeren Bierchen zu verbringen.<\/p>\n<\/div><\/div>\n\n\n\n<p class=\"wp-block-paragraph\"><br><\/p>\n","protected":false},"excerpt":{"rendered":"<p>33 . Trageser Fischerfest 2026 Es ist wieder soweit! Das nunmehr 33. traditionelle Fischerfest \ud83c\udfa3in Trages findet am 23.\/24. Oktober 2026 statt! Ihr seid recht herzlich dazu eingeladen! Es erwartet euch wie immer ein abwechslungsreiches Unterhaltungsprogramm \ud83c\udfb6\ud83d\udc83\ud83c\udffb\ud83c\udfa4 und f\u00fcr das leibliche Wohl \ud83c\udf56\ud83c\udf2d\ud83c\udf7a wird auch bestens gesorgt sein &#8211; nat\u00fcrlich auch mit reichlich frischem Fisch &hellip; <\/p>\n<p class=\"link-more\"><a href=\"https:\/\/www.feuerwehrverein-trages.de\/?page_id=44\" class=\"more-link\"><span class=\"screen-reader-text\">\u201eAktuelles\u201c <\/span>weiterlesen<\/a><\/p>\n","protected":false},"author":1,"featured_media":0,"parent":0,"menu_order":0,"comment_status":"closed","ping_status":"closed","template":"","meta":{"footnotes":""},"class_list":["post-44","page","type-page","status-publish","hentry"],"_links":{"self":[{"href":"https:\/\/www.feuerwehrverein-trages.de\/index.php?rest_route=\/wp\/v2\/pages\/44","targetHints":{"allow":["GET"]}}],"collection":[{"href":"https:\/\/www.feuerwehrverein-trages.de\/index.php?rest_route=\/wp\/v2\/pages"}],"about":[{"href":"https:\/\/www.feuerwehrverein-trages.de\/index.php?rest_route=\/wp\/v2\/types\/page"}],"author":[{"embeddable":true,"href":"https:\/\/www.feuerwehrverein-trages.de\/index.php?rest_route=\/wp\/v2\/users\/1"}],"replies":[{"embeddable":true,"href":"https:\/\/www.feuerwehrverein-trages.de\/index.php?rest_route=%2Fwp%2Fv2%2Fcomments&post=44"}],"version-history":[{"count":9,"href":"https:\/\/www.feuerwehrverein-trages.de\/index.php?rest_route=\/wp\/v2\/pages\/44\/revisions"}],"predecessor-version":[{"id":251,"href":"https:\/\/www.feuerwehrverein-trages.de\/index.php?rest_route=\/wp\/v2\/pages\/44\/revisions\/251"}],"wp:attachment":[{"href":"https:\/\/www.feuerwehrverein-trages.de\/index.php?rest_route=%2Fwp%2Fv2%2Fmedia&parent=44"}],"curies":[{"name":"wp","href":"https:\/\/api.w.org\/{rel}","templated":true}]}}